{"id":6940,"date":"2022-06-06T11:40:58","date_gmt":"2022-06-06T18:40:58","guid":{"rendered":"https:\/\/www.csf.bc.ca\/education\/education-autochtone\/"},"modified":"2025-02-05T17:27:33","modified_gmt":"2025-02-06T01:27:33","slug":"education-autochtone","status":"publish","type":"page","link":"https:\/\/www.csf.bc.ca\/en\/education\/education-autochtone\/","title":{"rendered":"Indigenous Education"},"content":{"rendered":"\n<section id=\"header-block_9ee16298d6a5492d51fc8b36eeba3212\" class=\"block block-header --left\">\n    <div class=\"container\">\n        <div class=\"flow\" data-sal=\"slide-right\" data-sal-duration=\"500\">\n            \n\n<h1 class=\"wp-block-heading\"><strong><strong>Indigenous Education<\/strong><\/strong><\/h1>\n\n\n\n<h2 class=\"wp-block-heading\">Inclusion: one of our core commitments<\/h2>\n\n\n        <\/div>\n    <\/div>\n    <div class=\"bg\" data-sal=\"fade\" data-sal-duartion=\"500\" style=\"background-image: url('https:\/\/www.csf.bc.ca\/wp-content\/uploads\/2022\/06\/education-autochtone-header.jpg');\"><\/div>\n<\/section>\n\n\n<div class=\"wp-block-buttons is-horizontal is-content-justification-center is-layout-flex wp-container-core-buttons-is-layout-499968f5 wp-block-buttons-is-layout-flex\">\n<div class=\"wp-block-button aligncenter\"><a class=\"wp-block-button__link wp-element-button\" href=\"https:\/\/www.csf.bc.ca\/wp-content\/uploads\/2024\/11\/csf_entente_rehaussement_authochtone_2021_2026_ENG.pdf\" target=\"_blank\" rel=\"noreferrer noopener\">Learn about the CSF\u2019s Indigenous Education Enhancement Agreement !<\/a><\/div>\n<\/div>\n\n\n\n<div style=\"height:10px\" aria-hidden=\"true\" class=\"wp-block-spacer\"><\/div>\n\n\n\n\n<section id=\"text-image-block_915b85cafe84a513f0d15dd97a94ba44\" class=\"block block-text-image --reverse --blue\">\n    <div class=\"container\">\n        <div class=\"flow\">\n\n            \n\n<p>Throughout the year, the CSF supports the well-being of all its students.<\/p>\n\n\n\n<p>To that end, and with all the respect Indigenous peoples are entitled to, we maintain a strong commitment and work to develop programs that will benefit all our students.<\/p>\n\n\n\n<p>In accordance with the<a href=\"https:\/\/www.csf.bc.ca\/wp-content\/uploads\/2022\/09\/csf_entente_rehaussement_authochtone_2021_2026_FR.pdf\" target=\"_blank\" rel=\"noreferrer noopener\">&nbsp;<\/a><a href=\"https:\/\/www.csf.bc.ca\/wp-content\/uploads\/2022\/09\/csf_entente_rehaussement_authochtone_2021_2026_FR.pdf\">Indigenous Education Enhancement Agreement<\/a>, we aim to<\/p>\n\n\n\n<ul class=\"wp-block-list\">\n<li><strong>Promote self-esteem and pride in all our students<\/strong><\/li>\n\n\n\n<li><strong>Improve their academic success and provide them with what they need for their transition to life after high school<\/strong><\/li>\n\n\n\n<li><strong>Develop a sense of leadership that will enable all our students to play a role in their communities<\/strong><\/li>\n<\/ul>\n\n\n\n        <\/div>\n        <figure class=\"image\" data-sal=\"slide-up\" data-sal-duration=\"500\">\n                            <img decoding=\"async\" src=\"https:\/\/www.csf.bc.ca\/wp-content\/uploads\/2022\/06\/education-autochtone-01.jpg\" alt=\"\" \/>\n                        \n                    \n                            <span class=\"line line-a rellax-1 --reverse\" ><\/span>\n                <span class=\"line line-b rellax-horizontal\"><\/span>\n                    <\/figure>\n    <\/div>\n<\/section>\n\n\n<div style=\"height:37px\" aria-hidden=\"true\" class=\"wp-block-spacer\"><\/div>\n\n\n\n\n\n<div class=\"wp-block-buttons is-horizontal is-content-justification-center is-layout-flex wp-container-core-buttons-is-layout-499968f5 wp-block-buttons-is-layout-flex\">\n<div class=\"wp-block-button\"><a class=\"wp-block-button__link wp-element-button\" href=\"mailto:education_autochtone@csf.bc.ca\" target=\"_blank\" rel=\"noreferrer noopener\">Click here to contact someone forme the Indigenous Education team!<\/a><\/div>\n<\/div>\n\n\n\n<div class=\"wp-block-buttons is-horizontal is-content-justification-center is-layout-flex wp-container-core-buttons-is-layout-499968f5 wp-block-buttons-is-layout-flex\"><\/div>\n\n\n\n\n\n\n\n<h2 class=\"wp-block-heading has-text-align-center\">RESOURCES (French only)<\/h2>\n\n\n\n<div class=\"wp-block-columns is-layout-flex wp-container-core-columns-is-layout-9d6595d7 wp-block-columns-is-layout-flex\">\n<div class=\"wp-block-column is-layout-flow wp-block-column-is-layout-flow\">\n<figure class=\"wp-block-image aligncenter size-large\"><img decoding=\"async\" src=\"https:\/\/www.csf.bc.ca\/wp-content\/uploads\/2025\/02\/POSTER-PrincipesapprentissagePREMIERS-PEUPLES--792x1024.png\" alt=\"\" class=\"wp-image-13155\"\/><\/figure>\n<\/div>\n\n\n\n<div class=\"wp-block-column is-layout-flow wp-block-column-is-layout-flow\">\n<figure class=\"wp-block-image size-large\"><a href=\"https:\/\/www.csf.bc.ca\/wp-content\/uploads\/2025\/02\/Guide-pedagogique-du-personnel-enseignant-Peuples-autochtones-de-la-Colombie-Britannique-12e-annee-1.pdf\"><img loading=\"lazy\" decoding=\"async\" width=\"791\" height=\"1024\" src=\"https:\/\/www.csf.bc.ca\/wp-content\/uploads\/2025\/02\/Guide-pedagogique-du-personnel-enseignant-Peuples-autochtones-de-la-Colombie-Britannique-12e-annee-1_Page_001-791x1024.png\" alt=\"\" class=\"wp-image-13158\" srcset=\"https:\/\/www.csf.bc.ca\/wp-content\/uploads\/2025\/02\/Guide-pedagogique-du-personnel-enseignant-Peuples-autochtones-de-la-Colombie-Britannique-12e-annee-1_Page_001-791x1024.png 791w, https:\/\/www.csf.bc.ca\/wp-content\/uploads\/2025\/02\/Guide-pedagogique-du-personnel-enseignant-Peuples-autochtones-de-la-Colombie-Britannique-12e-annee-1_Page_001-232x300.png 232w, https:\/\/www.csf.bc.ca\/wp-content\/uploads\/2025\/02\/Guide-pedagogique-du-personnel-enseignant-Peuples-autochtones-de-la-Colombie-Britannique-12e-annee-1_Page_001-768x994.png 768w, https:\/\/www.csf.bc.ca\/wp-content\/uploads\/2025\/02\/Guide-pedagogique-du-personnel-enseignant-Peuples-autochtones-de-la-Colombie-Britannique-12e-annee-1_Page_001-1187x1536.png 1187w, https:\/\/www.csf.bc.ca\/wp-content\/uploads\/2025\/02\/Guide-pedagogique-du-personnel-enseignant-Peuples-autochtones-de-la-Colombie-Britannique-12e-annee-1_Page_001-1583x2048.png 1583w\" sizes=\"auto, (max-width: 791px) 100vw, 791px\" \/><\/a><\/figure>\n<\/div>\n<\/div>\n\n\n\n\n<section id=\"text-image-block_f995c58a13fc3644b51fcd33501fe1be\" class=\"block block-text-image --regular --pale\">\n    <div class=\"container\">\n        <div class=\"flow\">\n\n            \n\n<h2 class=\"wp-block-heading\"><\/h2>\n\n\n\n<p>Our teams offer and support a wide range of projects in our schools to raise awareness of the traditions and practices of Indigenous peoples. <\/p>\n\n\n\n<p><strong>Local education agreements<\/strong> (LEAs) with Indigenous communities:<\/p>\n\n\n\n<ul class=\"wp-block-list\">\n<li><a href=\"https:\/\/www.csf.bc.ca\/wp-content\/uploads\/2022\/07\/CSF-SD93-Tlaamin-Local-Education-Agreement-LEA-CSF_SD93-Tlaamin-Nation-signed.pdf\">Tla\u2019amin Nation<\/a><\/li>\n\n\n\n<li><a href=\"https:\/\/www.csf.bc.ca\/wp-content\/uploads\/2022\/07\/20220420-TFN-CSF-DS93-Local-Education-Agreement-2021-005-3-copie.pdf\">Tsawwassen Nation<\/a><\/li>\n<\/ul>\n\n\n\n<p><\/p>\n\n\n\n<p>Other resources in French: <\/p>\n\n\n\n<div class=\"wp-block-buttons is-layout-flex wp-block-buttons-is-layout-flex\">\n<div class=\"wp-block-button\"><a class=\"wp-block-button__link wp-element-button\" href=\"https:\/\/www.csf.bc.ca\/wp-content\/uploads\/2022\/07\/POSTER-PrincipesapprentissagePREMIERS-PEUPLES-.pdf\" target=\"_blank\" rel=\"noreferrer noopener\">Poster &#8211; &#8220;Principes d&#8217;apprentissage des Premiers Peuples&#8221;<\/a><\/div>\n\n\n\n<div class=\"wp-block-button\"><a class=\"wp-block-button__link wp-element-button\" href=\"https:\/\/www.csf.bc.ca\/wp-content\/uploads\/2023\/10\/Document-Sciences1.pdf\" target=\"_blank\" rel=\"noreferrer noopener\"><em>Guide pour l\u2019enseignant<\/em>\u00b7e &#8211; Sciences du secondaire <\/a><\/div>\n\n\n\n<div class=\"wp-block-button\"><a class=\"wp-block-button__link wp-element-button\" href=\"https:\/\/www.csf.bc.ca\/wp-content\/uploads\/2023\/10\/Math-FP-Version-francais.pdf\" target=\"_blank\" rel=\"noreferrer noopener\"><em>Guide pour l\u2019enseignant<\/em>\u00b7e &#8211; Math\u00e9matiques<\/a><\/div>\n<\/div>\n\n\n\n        <\/div>\n        <figure class=\"image\" data-sal=\"slide-up\" data-sal-duration=\"500\">\n                            <img decoding=\"async\" src=\"https:\/\/www.csf.bc.ca\/wp-content\/uploads\/2022\/06\/education-autochtone-02.jpg\" alt=\"\" \/>\n                        \n                    \n                            <span class=\"line line-a rellax-2 --regular\" ><\/span>\n                <span class=\"line line-b rellax-horizontal\"><\/span>\n                    <\/figure>\n    <\/div>\n<\/section>\n\n\n<figure class=\"wp-block-embed is-type-video is-provider-youtube wp-block-embed-youtube wp-embed-aspect-16-9 wp-has-aspect-ratio\"><div class=\"wp-block-embed__wrapper\">\n<iframe loading=\"lazy\" title=\"Nouvelle g\u00e9n\u00e9ration - N&#039;we Jinan Artists - \u00c9cole Victor Brodeur\" width=\"500\" height=\"281\" src=\"https:\/\/www.youtube.com\/embed\/csHO4yBC1jU?feature=oembed\" frameborder=\"0\" allow=\"accelerometer; autoplay; clipboard-write; encrypted-media; gyroscope; picture-in-picture; web-share\" referrerpolicy=\"strict-origin-when-cross-origin\" allowfullscreen><\/iframe>\n<\/div><\/figure>\n\n\n\n<p><\/p>\n","protected":false},"excerpt":{"rendered":"<p>Nos \u00e9quipes proposent et accompagnent de nombreux projets dans nos \u00e9coles afin de sensibiliser aux traditions et habitudes des Peuples autochtones.<\/p>\n","protected":false},"author":1,"featured_media":842,"parent":2922,"menu_order":1,"comment_status":"closed","ping_status":"closed","template":"","meta":{"_acf_changed":false,"footnotes":""},"class_list":["post-6940","page","type-page","status-publish","has-post-thumbnail","hentry"],"acf":[],"yoast_head":"<!-- This site is optimized with the Yoast SEO plugin v26.5 - https:\/\/yoast.com\/wordpress\/plugins\/seo\/ -->\n<title>Indigenous Education | Conseil scolaire francophone de la Colombie-Britannique<\/title>\n<meta name=\"robots\" content=\"index, follow, max-snippet:-1, max-image-preview:large, max-video-preview:-1\" \/>\n<link rel=\"canonical\" href=\"https:\/\/www.csf.bc.ca\/en\/education\/education-autochtone\/\" \/>\n<meta property=\"og:locale\" content=\"en_US\" \/>\n<meta property=\"og:type\" content=\"article\" \/>\n<meta property=\"og:title\" content=\"Indigenous Education | Conseil scolaire francophone de la Colombie-Britannique\" \/>\n<meta property=\"og:description\" content=\"Nos \u00e9quipes proposent et accompagnent de nombreux projets dans nos \u00e9coles afin de sensibiliser aux traditions et habitudes des Peuples autochtones.\" \/>\n<meta property=\"og:url\" content=\"https:\/\/www.csf.bc.ca\/en\/education\/education-autochtone\/\" \/>\n<meta property=\"og:site_name\" content=\"Conseil scolaire francophone de la Colombie-Britannique\" \/>\n<meta property=\"article:modified_time\" content=\"2025-02-06T01:27:33+00:00\" \/>\n<meta property=\"og:image\" content=\"https:\/\/www.csf.bc.ca\/wp-content\/uploads\/2022\/06\/education-autochtone-header.jpg\" \/>\n\t<meta property=\"og:image:width\" content=\"1920\" \/>\n\t<meta property=\"og:image:height\" content=\"688\" \/>\n\t<meta property=\"og:image:type\" content=\"image\/jpeg\" \/>\n<meta name=\"twitter:card\" content=\"summary_large_image\" \/>\n<meta name=\"twitter:label1\" content=\"Est. reading time\" \/>\n\t<meta name=\"twitter:data1\" content=\"2 minutes\" \/>\n<script type=\"application\/ld+json\" class=\"yoast-schema-graph\">{\"@context\":\"https:\/\/schema.org\",\"@graph\":[{\"@type\":\"WebPage\",\"@id\":\"https:\/\/www.csf.bc.ca\/en\/education\/education-autochtone\/\",\"url\":\"https:\/\/www.csf.bc.ca\/en\/education\/education-autochtone\/\",\"name\":\"Indigenous Education | Conseil scolaire francophone de la Colombie-Britannique\",\"isPartOf\":{\"@id\":\"https:\/\/www.csf.bc.ca\/en\/#website\"},\"primaryImageOfPage\":{\"@id\":\"https:\/\/www.csf.bc.ca\/en\/education\/education-autochtone\/#primaryimage\"},\"image\":{\"@id\":\"https:\/\/www.csf.bc.ca\/en\/education\/education-autochtone\/#primaryimage\"},\"thumbnailUrl\":\"https:\/\/www.csf.bc.ca\/wp-content\/uploads\/2022\/06\/education-autochtone-header.jpg\",\"datePublished\":\"2022-06-06T18:40:58+00:00\",\"dateModified\":\"2025-02-06T01:27:33+00:00\",\"breadcrumb\":{\"@id\":\"https:\/\/www.csf.bc.ca\/en\/education\/education-autochtone\/#breadcrumb\"},\"inLanguage\":\"en-US\",\"potentialAction\":[{\"@type\":\"ReadAction\",\"target\":[\"https:\/\/www.csf.bc.ca\/en\/education\/education-autochtone\/\"]}]},{\"@type\":\"ImageObject\",\"inLanguage\":\"en-US\",\"@id\":\"https:\/\/www.csf.bc.ca\/en\/education\/education-autochtone\/#primaryimage\",\"url\":\"https:\/\/www.csf.bc.ca\/wp-content\/uploads\/2022\/06\/education-autochtone-header.jpg\",\"contentUrl\":\"https:\/\/www.csf.bc.ca\/wp-content\/uploads\/2022\/06\/education-autochtone-header.jpg\",\"width\":1920,\"height\":688},{\"@type\":\"BreadcrumbList\",\"@id\":\"https:\/\/www.csf.bc.ca\/en\/education\/education-autochtone\/#breadcrumb\",\"itemListElement\":[{\"@type\":\"ListItem\",\"position\":1,\"name\":\"Home\",\"item\":\"https:\/\/www.csf.bc.ca\/en\/\"},{\"@type\":\"ListItem\",\"position\":2,\"name\":\"Education\",\"item\":\"https:\/\/www.csf.bc.ca\/en\/education\/\"},{\"@type\":\"ListItem\",\"position\":3,\"name\":\"Indigenous Education\"}]},{\"@type\":\"WebSite\",\"@id\":\"https:\/\/www.csf.bc.ca\/en\/#website\",\"url\":\"https:\/\/www.csf.bc.ca\/en\/\",\"name\":\"Conseil scolaire francophone de la Colombie-Britannique\",\"description\":\"CSF\",\"publisher\":{\"@id\":\"https:\/\/www.csf.bc.ca\/en\/#organization\"},\"potentialAction\":[{\"@type\":\"SearchAction\",\"target\":{\"@type\":\"EntryPoint\",\"urlTemplate\":\"https:\/\/www.csf.bc.ca\/en\/?s={search_term_string}\"},\"query-input\":{\"@type\":\"PropertyValueSpecification\",\"valueRequired\":true,\"valueName\":\"search_term_string\"}}],\"inLanguage\":\"en-US\"},{\"@type\":\"Organization\",\"@id\":\"https:\/\/www.csf.bc.ca\/en\/#organization\",\"name\":\"Conseil scolaire francophone de la Colombie-Britannique\",\"url\":\"https:\/\/www.csf.bc.ca\/en\/\",\"logo\":{\"@type\":\"ImageObject\",\"inLanguage\":\"en-US\",\"@id\":\"https:\/\/www.csf.bc.ca\/en\/#\/schema\/logo\/image\/\",\"url\":\"https:\/\/www.csf.bc.ca\/wp-content\/uploads\/2022\/05\/csf-logoHoriz-desc-court-coul.svg\",\"contentUrl\":\"https:\/\/www.csf.bc.ca\/wp-content\/uploads\/2022\/05\/csf-logoHoriz-desc-court-coul.svg\",\"width\":842,\"height\":205,\"caption\":\"Conseil scolaire francophone de la Colombie-Britannique\"},\"image\":{\"@id\":\"https:\/\/www.csf.bc.ca\/en\/#\/schema\/logo\/image\/\"}}]}<\/script>\n<!-- \/ Yoast SEO plugin. -->","yoast_head_json":{"title":"Indigenous Education | Conseil scolaire francophone de la Colombie-Britannique","robots":{"index":"index","follow":"follow","max-snippet":"max-snippet:-1","max-image-preview":"max-image-preview:large","max-video-preview":"max-video-preview:-1"},"canonical":"https:\/\/www.csf.bc.ca\/en\/education\/education-autochtone\/","og_locale":"en_US","og_type":"article","og_title":"Indigenous Education | Conseil scolaire francophone de la Colombie-Britannique","og_description":"Nos \u00e9quipes proposent et accompagnent de nombreux projets dans nos \u00e9coles afin de sensibiliser aux traditions et habitudes des Peuples autochtones.","og_url":"https:\/\/www.csf.bc.ca\/en\/education\/education-autochtone\/","og_site_name":"Conseil scolaire francophone de la Colombie-Britannique","article_modified_time":"2025-02-06T01:27:33+00:00","og_image":[{"width":1920,"height":688,"url":"https:\/\/www.csf.bc.ca\/wp-content\/uploads\/2022\/06\/education-autochtone-header.jpg","type":"image\/jpeg"}],"twitter_card":"summary_large_image","twitter_misc":{"Est. reading time":"2 minutes"},"schema":{"@context":"https:\/\/schema.org","@graph":[{"@type":"WebPage","@id":"https:\/\/www.csf.bc.ca\/en\/education\/education-autochtone\/","url":"https:\/\/www.csf.bc.ca\/en\/education\/education-autochtone\/","name":"Indigenous Education | Conseil scolaire francophone de la Colombie-Britannique","isPartOf":{"@id":"https:\/\/www.csf.bc.ca\/en\/#website"},"primaryImageOfPage":{"@id":"https:\/\/www.csf.bc.ca\/en\/education\/education-autochtone\/#primaryimage"},"image":{"@id":"https:\/\/www.csf.bc.ca\/en\/education\/education-autochtone\/#primaryimage"},"thumbnailUrl":"https:\/\/www.csf.bc.ca\/wp-content\/uploads\/2022\/06\/education-autochtone-header.jpg","datePublished":"2022-06-06T18:40:58+00:00","dateModified":"2025-02-06T01:27:33+00:00","breadcrumb":{"@id":"https:\/\/www.csf.bc.ca\/en\/education\/education-autochtone\/#breadcrumb"},"inLanguage":"en-US","potentialAction":[{"@type":"ReadAction","target":["https:\/\/www.csf.bc.ca\/en\/education\/education-autochtone\/"]}]},{"@type":"ImageObject","inLanguage":"en-US","@id":"https:\/\/www.csf.bc.ca\/en\/education\/education-autochtone\/#primaryimage","url":"https:\/\/www.csf.bc.ca\/wp-content\/uploads\/2022\/06\/education-autochtone-header.jpg","contentUrl":"https:\/\/www.csf.bc.ca\/wp-content\/uploads\/2022\/06\/education-autochtone-header.jpg","width":1920,"height":688},{"@type":"BreadcrumbList","@id":"https:\/\/www.csf.bc.ca\/en\/education\/education-autochtone\/#breadcrumb","itemListElement":[{"@type":"ListItem","position":1,"name":"Home","item":"https:\/\/www.csf.bc.ca\/en\/"},{"@type":"ListItem","position":2,"name":"Education","item":"https:\/\/www.csf.bc.ca\/en\/education\/"},{"@type":"ListItem","position":3,"name":"Indigenous Education"}]},{"@type":"WebSite","@id":"https:\/\/www.csf.bc.ca\/en\/#website","url":"https:\/\/www.csf.bc.ca\/en\/","name":"Conseil scolaire francophone de la Colombie-Britannique","description":"CSF","publisher":{"@id":"https:\/\/www.csf.bc.ca\/en\/#organization"},"potentialAction":[{"@type":"SearchAction","target":{"@type":"EntryPoint","urlTemplate":"https:\/\/www.csf.bc.ca\/en\/?s={search_term_string}"},"query-input":{"@type":"PropertyValueSpecification","valueRequired":true,"valueName":"search_term_string"}}],"inLanguage":"en-US"},{"@type":"Organization","@id":"https:\/\/www.csf.bc.ca\/en\/#organization","name":"Conseil scolaire francophone de la Colombie-Britannique","url":"https:\/\/www.csf.bc.ca\/en\/","logo":{"@type":"ImageObject","inLanguage":"en-US","@id":"https:\/\/www.csf.bc.ca\/en\/#\/schema\/logo\/image\/","url":"https:\/\/www.csf.bc.ca\/wp-content\/uploads\/2022\/05\/csf-logoHoriz-desc-court-coul.svg","contentUrl":"https:\/\/www.csf.bc.ca\/wp-content\/uploads\/2022\/05\/csf-logoHoriz-desc-court-coul.svg","width":842,"height":205,"caption":"Conseil scolaire francophone de la Colombie-Britannique"},"image":{"@id":"https:\/\/www.csf.bc.ca\/en\/#\/schema\/logo\/image\/"}}]}},"_links":{"self":[{"href":"https:\/\/www.csf.bc.ca\/en\/wp-json\/wp\/v2\/pages\/6940","targetHints":{"allow":["GET"]}}],"collection":[{"href":"https:\/\/www.csf.bc.ca\/en\/wp-json\/wp\/v2\/pages"}],"about":[{"href":"https:\/\/www.csf.bc.ca\/en\/wp-json\/wp\/v2\/types\/page"}],"author":[{"embeddable":true,"href":"https:\/\/www.csf.bc.ca\/en\/wp-json\/wp\/v2\/users\/1"}],"replies":[{"embeddable":true,"href":"https:\/\/www.csf.bc.ca\/en\/wp-json\/wp\/v2\/comments?post=6940"}],"version-history":[{"count":14,"href":"https:\/\/www.csf.bc.ca\/en\/wp-json\/wp\/v2\/pages\/6940\/revisions"}],"predecessor-version":[{"id":13164,"href":"https:\/\/www.csf.bc.ca\/en\/wp-json\/wp\/v2\/pages\/6940\/revisions\/13164"}],"up":[{"embeddable":true,"href":"https:\/\/www.csf.bc.ca\/en\/wp-json\/wp\/v2\/pages\/2922"}],"wp:featuredmedia":[{"embeddable":true,"href":"https:\/\/www.csf.bc.ca\/en\/wp-json\/wp\/v2\/media\/842"}],"wp:attachment":[{"href":"https:\/\/www.csf.bc.ca\/en\/wp-json\/wp\/v2\/media?parent=6940"}],"curies":[{"name":"wp","href":"https:\/\/api.w.org\/{rel}","templated":true}]}}